{"id":2263,"date":"2022-08-17T22:39:11","date_gmt":"2022-08-18T03:39:11","guid":{"rendered":"https:\/\/comfacor.com.co\/?page_id=2263"},"modified":"2026-03-13T14:43:22","modified_gmt":"2026-03-13T19:43:22","slug":"ifc-auxiliar-en-primera-infancia","status":"publish","type":"page","link":"https:\/\/comfacor.com.co\/newweb\/ifc-auxiliar-en-primera-infancia\/","title":{"rendered":"Auxiliar en Primera Infancia"},"content":{"rendered":"\t\t<div data-elementor-type=\"wp-page\" data-elementor-id=\"2263\" class=\"elementor elementor-2263\" data-elementor-post-type=\"page\">\n\t\t\t\t<div class=\"elementor-element elementor-element-8ed5fc6 e-con-full e-flex e-con e-parent\" data-id=\"8ed5fc6\" data-element_type=\"container\" data-e-type=\"container\">\n\t\t\t\t<div class=\"elementor-element elementor-element-64ab7ad elementor-widget elementor-widget-html\" data-id=\"64ab7ad\" data-element_type=\"widget\" data-e-type=\"widget\" data-widget_type=\"html.default\">\n\t\t\t\t<div class=\"elementor-widget-container\">\n\t\t\t\t\t<section class=\"banner__sedes\">\r\n  <div class=\"banner__sedes__image\">\r\n    <img decoding=\"async\" src=\"https:\/\/comfacor.com.co\/newweb\/wp-content\/uploads\/2025\/09\/Auxiliar-en-Primera-Infancia.jpg\">\r\n  <\/div>\r\n<\/section>\r\n\r\n\t\t\t\t<\/div>\n\t\t\t\t<\/div>\n\t\t\t\t<\/div>\n\t\t<div class=\"elementor-element elementor-element-adfdb9b e-flex e-con-boxed e-con e-parent\" data-id=\"adfdb9b\" data-element_type=\"container\" data-e-type=\"container\">\n\t\t\t\t\t<div class=\"e-con-inner\">\n\t\t\t\t<div class=\"elementor-element elementor-element-4758a46 elementor-widget elementor-widget-button\" data-id=\"4758a46\" data-element_type=\"widget\" data-e-type=\"widget\" data-widget_type=\"button.default\">\n\t\t\t\t<div class=\"elementor-widget-container\">\n\t\t\t\t\t\t\t\t\t<div class=\"elementor-button-wrapper\">\n\t\t\t\t\t<a class=\"elementor-button elementor-button-link elementor-size-sm\" href=\"https:\/\/comfacor.com.co\/ifc-comfacor\/\">\n\t\t\t\t\t\t<span class=\"elementor-button-content-wrapper\">\n\t\t\t\t\t\t<span class=\"elementor-button-icon\">\n\t\t\t\t<i aria-hidden=\"true\" class=\"fas fa-arrow-left\"><\/i>\t\t\t<\/span>\n\t\t\t\t\t\t\t\t\t<span class=\"elementor-button-text\">Volver a IFC Comfacor<\/span>\n\t\t\t\t\t<\/span>\n\t\t\t\t\t<\/a>\n\t\t\t\t<\/div>\n\t\t\t\t\t\t\t\t<\/div>\n\t\t\t\t<\/div>\n\t\t<div class=\"elementor-element elementor-element-ea02588 e-con-full e-flex e-con e-child\" data-id=\"ea02588\" data-element_type=\"container\" data-e-type=\"container\">\n\t\t\t\t<div class=\"elementor-element elementor-element-c60f0b0 elementor-widget elementor-widget-heading\" data-id=\"c60f0b0\" data-element_type=\"widget\" data-e-type=\"widget\" data-widget_type=\"heading.default\">\n\t\t\t\t<div class=\"elementor-widget-container\">\n\t\t\t\t\t<h1 class=\"elementor-heading-title elementor-size-default\">Perfil del Programa <\/h1>\t\t\t\t<\/div>\n\t\t\t\t<\/div>\n\t\t\t\t<div class=\"elementor-element elementor-element-1437d27 elementor-widget elementor-widget-heading\" data-id=\"1437d27\" data-element_type=\"widget\" data-e-type=\"widget\" data-widget_type=\"heading.default\">\n\t\t\t\t<div class=\"elementor-widget-container\">\n\t\t\t\t\t<h2 class=\"elementor-heading-title elementor-size-default\">Al finalizar el programa, el egresado estar\u00e1 en capacidad de brindar acompa\u00f1amiento integral en el cuidado, orientaci\u00f3n y desarrollo de ni\u00f1os en sus primeras etapas de formaci\u00f3n. Podr\u00e1 desempe\u00f1arse como asistente o auxiliar de preescolar aplicando protocolos y pol\u00edticas establecidas para la atenci\u00f3n de la primera infancia. Adem\u00e1s, estar\u00e1 preparado para promover actividades l\u00fadico-pedag\u00f3gicas enfocadas en el desarrollo de la lectoescritura, h\u00e1bitos sociales, alimenticios y de autocuidado, contribuyendo al crecimiento f\u00edsico, emocional, social y cognitivo de los menores.<\/h2>\t\t\t\t<\/div>\n\t\t\t\t<\/div>\n\t\t\t\t<div class=\"elementor-element elementor-element-85108ea elementor-widget elementor-widget-heading\" data-id=\"85108ea\" data-element_type=\"widget\" data-e-type=\"widget\" data-widget_type=\"heading.default\">\n\t\t\t\t<div class=\"elementor-widget-container\">\n\t\t\t\t\t<h2 class=\"elementor-heading-title elementor-size-default\">Matr\u00edculas con opci\u00f3n de financiaci\u00f3n y sin costo de inscripci\u00f3n.<\/h2>\t\t\t\t<\/div>\n\t\t\t\t<\/div>\n\t\t<div class=\"elementor-element elementor-element-5311378 e-con-full e-flex e-con e-child\" data-id=\"5311378\" data-element_type=\"container\" data-e-type=\"container\">\n\t\t\t\t<div class=\"elementor-element elementor-element-033c537 elementor-align-left elementor-widget elementor-widget-button\" data-id=\"033c537\" data-element_type=\"widget\" data-e-type=\"widget\" data-widget_type=\"button.default\">\n\t\t\t\t<div class=\"elementor-widget-container\">\n\t\t\t\t\t\t\t\t\t<div class=\"elementor-button-wrapper\">\n\t\t\t\t\t<a class=\"elementor-button elementor-button-link elementor-size-sm\" href=\"#elementor-action%3Aaction%3Dpopup%3Aopen%26settings%3DeyJpZCI6IjQ1MDA5IiwidG9nZ2xlIjpmYWxzZX0%3D\">\n\t\t\t\t\t\t<span class=\"elementor-button-content-wrapper\">\n\t\t\t\t\t\t\t\t\t<span class=\"elementor-button-text\">Cont\u00e1ctanos<\/span>\n\t\t\t\t\t<\/span>\n\t\t\t\t\t<\/a>\n\t\t\t\t<\/div>\n\t\t\t\t\t\t\t\t<\/div>\n\t\t\t\t<\/div>\n\t\t\t\t<\/div>\n\t\t\t\t<\/div>\n\t\t\t\t\t<\/div>\n\t\t\t\t<\/div>\n\t\t<div class=\"elementor-element elementor-element-4502d79 e-flex e-con-boxed e-con e-parent\" data-id=\"4502d79\" data-element_type=\"container\" data-e-type=\"container\" data-settings=\"{&quot;background_background&quot;:&quot;classic&quot;}\">\n\t\t\t\t\t<div class=\"e-con-inner\">\n\t\t<div class=\"elementor-element elementor-element-53a94c8 e-con-full e-flex e-con e-child\" data-id=\"53a94c8\" data-element_type=\"container\" data-e-type=\"container\">\n\t\t\t\t<div class=\"elementor-element elementor-element-ca83d1b elementor-widget elementor-widget-heading\" data-id=\"ca83d1b\" data-element_type=\"widget\" data-e-type=\"widget\" data-widget_type=\"heading.default\">\n\t\t\t\t<div class=\"elementor-widget-container\">\n\t\t\t\t\t<h1 class=\"elementor-heading-title elementor-size-default\">T\u00e9cnico en Atenci\u00f3n a la Primera Infancia<\/h1>\t\t\t\t<\/div>\n\t\t\t\t<\/div>\n\t\t\t\t<div class=\"elementor-element elementor-element-fe3938c elementor-widget elementor-widget-heading\" data-id=\"fe3938c\" data-element_type=\"widget\" data-e-type=\"widget\" data-widget_type=\"heading.default\">\n\t\t\t\t<div class=\"elementor-widget-container\">\n\t\t\t\t\t<h2 class=\"elementor-heading-title elementor-size-default\">Aprobado mediante resoluci\u00f3n 2165 de 2021.<\/h2>\t\t\t\t<\/div>\n\t\t\t\t<\/div>\n\t\t\t\t<\/div>\n\t\t<div class=\"elementor-element elementor-element-ff31799 e-con-full e-flex e-con e-child\" data-id=\"ff31799\" data-element_type=\"container\" data-e-type=\"container\">\n\t\t<div class=\"elementor-element elementor-element-dc0b35b e-con-full e-flex e-con e-child\" data-id=\"dc0b35b\" data-element_type=\"container\" data-e-type=\"container\" data-settings=\"{&quot;background_background&quot;:&quot;classic&quot;}\">\n\t\t\t\t<\/div>\n\t\t<div class=\"elementor-element elementor-element-311c242 e-con-full e-flex e-con e-child\" data-id=\"311c242\" data-element_type=\"container\" data-e-type=\"container\">\n\t\t<div class=\"elementor-element elementor-element-e98ae80 e-con-full e-flex e-con e-child\" data-id=\"e98ae80\" data-element_type=\"container\" data-e-type=\"container\">\n\t\t<div class=\"elementor-element elementor-element-a772dcf e-con-full e-flex e-con e-child\" data-id=\"a772dcf\" data-element_type=\"container\" data-e-type=\"container\">\n\t\t\t\t<div class=\"elementor-element elementor-element-edc3d34 elementor-view-default elementor-widget elementor-widget-icon\" data-id=\"edc3d34\" data-element_type=\"widget\" data-e-type=\"widget\" data-widget_type=\"icon.default\">\n\t\t\t\t<div class=\"elementor-widget-container\">\n\t\t\t\t\t\t\t<div class=\"elementor-icon-wrapper\">\n\t\t\t<div class=\"elementor-icon\">\n\t\t\t<i aria-hidden=\"true\" class=\"fas fa-user-clock\"><\/i>\t\t\t<\/div>\n\t\t<\/div>\n\t\t\t\t\t\t<\/div>\n\t\t\t\t<\/div>\n\t\t\t\t<\/div>\n\t\t<div class=\"elementor-element elementor-element-7bc95a6 e-con-full e-flex e-con e-child\" data-id=\"7bc95a6\" data-element_type=\"container\" data-e-type=\"container\">\n\t\t\t\t<div class=\"elementor-element elementor-element-e3d756e elementor-widget elementor-widget-heading\" data-id=\"e3d756e\" data-element_type=\"widget\" data-e-type=\"widget\" data-widget_type=\"heading.default\">\n\t\t\t\t<div class=\"elementor-widget-container\">\n\t\t\t\t\t<h2 class=\"elementor-heading-title elementor-size-default\"><strong>Elige tu horario entre:<\/strong><\/h2>\t\t\t\t<\/div>\n\t\t\t\t<\/div>\n\t\t<div class=\"elementor-element elementor-element-4c2021a e-con-full e-flex e-con e-child\" data-id=\"4c2021a\" data-element_type=\"container\" data-e-type=\"container\">\n\t\t\t\t<div class=\"elementor-element elementor-element-6a0f3b8 elementor-widget elementor-widget-heading\" data-id=\"6a0f3b8\" data-element_type=\"widget\" data-e-type=\"widget\" data-widget_type=\"heading.default\">\n\t\t\t\t<div class=\"elementor-widget-container\">\n\t\t\t\t\t<h2 class=\"elementor-heading-title elementor-size-default\">Tarde: 3:00p.m. -6:00p.m. <\/h2>\t\t\t\t<\/div>\n\t\t\t\t<\/div>\n\t\t\t\t<div class=\"elementor-element elementor-element-c386dfc elementor-widget elementor-widget-heading\" data-id=\"c386dfc\" data-element_type=\"widget\" data-e-type=\"widget\" data-widget_type=\"heading.default\">\n\t\t\t\t<div class=\"elementor-widget-container\">\n\t\t\t\t\t<h2 class=\"elementor-heading-title elementor-size-default\">Nocturno: 6:30p.m. \u2013 9:30p.m. <\/h2>\t\t\t\t<\/div>\n\t\t\t\t<\/div>\n\t\t\t\t<div class=\"elementor-element elementor-element-7e848ba elementor-widget elementor-widget-heading\" data-id=\"7e848ba\" data-element_type=\"widget\" data-e-type=\"widget\" data-widget_type=\"heading.default\">\n\t\t\t\t<div class=\"elementor-widget-container\">\n\t\t\t\t\t<h2 class=\"elementor-heading-title elementor-size-default\">Sabatino: 7:00a.m. \u2013 5:15p.m. <\/h2>\t\t\t\t<\/div>\n\t\t\t\t<\/div>\n\t\t\t\t<div class=\"elementor-element elementor-element-31bfe13 elementor-widget elementor-widget-heading\" data-id=\"31bfe13\" data-element_type=\"widget\" data-e-type=\"widget\" data-widget_type=\"heading.default\">\n\t\t\t\t<div class=\"elementor-widget-container\">\n\t\t\t\t\t<h2 class=\"elementor-heading-title elementor-size-default\">*Jornadas disponibles seg\u00fan cupo m\u00ednimo de inscritos.<\/h2>\t\t\t\t<\/div>\n\t\t\t\t<\/div>\n\t\t\t\t<\/div>\n\t\t\t\t<\/div>\n\t\t\t\t<\/div>\n\t\t<div class=\"elementor-element elementor-element-a1e9444 e-con-full e-flex e-con e-child\" data-id=\"a1e9444\" data-element_type=\"container\" data-e-type=\"container\">\n\t\t<div class=\"elementor-element elementor-element-a578ba6 e-con-full e-flex e-con e-child\" data-id=\"a578ba6\" data-element_type=\"container\" data-e-type=\"container\">\n\t\t\t\t<div class=\"elementor-element elementor-element-33ee446 elementor-view-default elementor-widget elementor-widget-icon\" data-id=\"33ee446\" data-element_type=\"widget\" data-e-type=\"widget\" data-widget_type=\"icon.default\">\n\t\t\t\t<div class=\"elementor-widget-container\">\n\t\t\t\t\t\t\t<div class=\"elementor-icon-wrapper\">\n\t\t\t<div class=\"elementor-icon\">\n\t\t\t<i aria-hidden=\"true\" class=\"fas fa-user-graduate\"><\/i>\t\t\t<\/div>\n\t\t<\/div>\n\t\t\t\t\t\t<\/div>\n\t\t\t\t<\/div>\n\t\t\t\t<\/div>\n\t\t<div class=\"elementor-element elementor-element-8dbf023 e-con-full e-flex e-con e-child\" data-id=\"8dbf023\" data-element_type=\"container\" data-e-type=\"container\">\n\t\t\t\t<div class=\"elementor-element elementor-element-f69ae29 elementor-widget elementor-widget-heading\" data-id=\"f69ae29\" data-element_type=\"widget\" data-e-type=\"widget\" data-widget_type=\"heading.default\">\n\t\t\t\t<div class=\"elementor-widget-container\">\n\t\t\t\t\t<h2 class=\"elementor-heading-title elementor-size-default\"><strong>Duraci\u00f3n:<\/strong><\/h2>\t\t\t\t<\/div>\n\t\t\t\t<\/div>\n\t\t<div class=\"elementor-element elementor-element-9c2acfc e-con-full e-flex e-con e-child\" data-id=\"9c2acfc\" data-element_type=\"container\" data-e-type=\"container\">\n\t\t\t\t<div class=\"elementor-element elementor-element-15dd60f elementor-widget elementor-widget-heading\" data-id=\"15dd60f\" data-element_type=\"widget\" data-e-type=\"widget\" data-widget_type=\"heading.default\">\n\t\t\t\t<div class=\"elementor-widget-container\">\n\t\t\t\t\t<h2 class=\"elementor-heading-title elementor-size-default\">3 semestres<\/h2>\t\t\t\t<\/div>\n\t\t\t\t<\/div>\n\t\t\t\t<\/div>\n\t\t\t\t<\/div>\n\t\t\t\t<\/div>\n\t\t\t\t<\/div>\n\t\t\t\t<\/div>\n\t\t\t\t\t<\/div>\n\t\t\t\t<\/div>\n\t\t<div class=\"elementor-element elementor-element-0caf7d5 e-flex e-con-boxed e-con e-parent\" data-id=\"0caf7d5\" data-element_type=\"container\" data-e-type=\"container\">\n\t\t\t\t\t<div class=\"e-con-inner\">\n\t\t\t\t<div class=\"elementor-element elementor-element-b37d456 elementor-widget__width-inherit e-n-tabs-mobile elementor-widget elementor-widget-n-tabs\" data-id=\"b37d456\" data-element_type=\"widget\" data-e-type=\"widget\" data-settings=\"{&quot;tabs_justify_horizontal&quot;:&quot;center&quot;,&quot;horizontal_scroll_mobile&quot;:&quot;disable&quot;,&quot;horizontal_scroll&quot;:&quot;disable&quot;}\" data-widget_type=\"nested-tabs.default\">\n\t\t\t\t<div class=\"elementor-widget-container\">\n\t\t\t\t\t\t\t<div class=\"e-n-tabs\" data-widget-number=\"188208214\" aria-label=\"Tabs. Open items with Enter or Space, close with Escape and navigate using the Arrow keys.\">\n\t\t\t<div class=\"e-n-tabs-heading\" role=\"tablist\">\n\t\t\t\t\t<button id=\"e-n-tab-title-1882082141\" data-tab-title-id=\"e-n-tab-title-1882082141\" class=\"e-n-tab-title\" aria-selected=\"true\" data-tab-index=\"1\" role=\"tab\" tabindex=\"0\" aria-controls=\"e-n-tab-content-1882082141\" style=\"--n-tabs-title-order: 1;\">\n\t\t\t\t\t\t<span class=\"e-n-tab-title-text\">\n\t\t\t\tContenido acad\u00e9mico\t\t\t<\/span>\n\t\t<\/button>\n\t\t\t\t<button id=\"e-n-tab-title-1882082142\" data-tab-title-id=\"e-n-tab-title-1882082142\" class=\"e-n-tab-title\" aria-selected=\"false\" data-tab-index=\"2\" role=\"tab\" tabindex=\"-1\" aria-controls=\"e-n-tab-content-1882082142\" style=\"--n-tabs-title-order: 2;\">\n\t\t\t\t\t\t<span class=\"e-n-tab-title-text\">\n\t\t\t\tRequisitos\t\t\t<\/span>\n\t\t<\/button>\n\t\t\t\t<button id=\"e-n-tab-title-1882082143\" data-tab-title-id=\"e-n-tab-title-1882082143\" class=\"e-n-tab-title\" aria-selected=\"false\" data-tab-index=\"3\" role=\"tab\" tabindex=\"-1\" aria-controls=\"e-n-tab-content-1882082143\" style=\"--n-tabs-title-order: 3;\">\n\t\t\t\t\t\t<span class=\"e-n-tab-title-text\">\n\t\t\t\tComunidad IFC\t\t\t<\/span>\n\t\t<\/button>\n\t\t\t\t\t<\/div>\n\t\t\t<div class=\"e-n-tabs-content\">\n\t\t\t\t<div id=\"e-n-tab-content-1882082141\" role=\"tabpanel\" aria-labelledby=\"e-n-tab-title-1882082141\" data-tab-index=\"1\" style=\"--n-tabs-title-order: 1;\" class=\"e-active elementor-element elementor-element-c91276e e-con-full e-flex e-con e-child\" data-id=\"c91276e\" data-element_type=\"container\" data-e-type=\"container\">\n\t\t\t\t<div class=\"elementor-element elementor-element-bdfaad8 elementor-widget elementor-widget-html\" data-id=\"bdfaad8\" data-element_type=\"widget\" data-e-type=\"widget\" data-widget_type=\"html.default\">\n\t\t\t\t<div class=\"elementor-widget-container\">\n\t\t\t\t\t<div class=\"semestre-container\">\r\n  <div class=\"semestre-item\">\r\n    <h3 class=\"semestre-title\">I Semestre<\/h3>\r\n    <div class=\"semestre-body\">\r\n      <ul class=\"semestre-list\">\r\n        <li>Fundamentaci\u00f3n de la educaci\u00f3n preescolar<\/li>\r\n        <li>Psicolog\u00eda general<\/li>\r\n        <li>Psicolog\u00eda del desarrollo del ni\u00f1o<\/li>\r\n        <li>Psicomotricidad<\/li>\r\n        <li>Problemas de aprendizaje<\/li>\r\n        <li>Inducci\u00f3n y valores<\/li>\r\n      <\/ul>\r\n    <\/div>\r\n  <\/div>\r\n\r\n  <div class=\"semestre-item\">\r\n    <h3 class=\"semestre-title\">II Semestre<\/h3>\r\n    <div class=\"semestre-body\">\r\n      <ul class=\"semestre-list\">\r\n        <li>Orientaci\u00f3n de acciones en salud<\/li>\r\n        <li>Expresi\u00f3n corporal y creativa<\/li>\r\n        <li>Pedagog\u00eda<\/li>\r\n        <li>Protecci\u00f3n y restauraci\u00f3n de los derechos y responsabilidades de la primera infancia<\/li>\r\n        <li>Inform\u00e1tica b\u00e1sica<\/li>\r\n      <\/ul>\r\n    <\/div>\r\n  <\/div>\r\n\r\n  <div class=\"semestre-item\">\r\n    <h3 class=\"semestre-title\">III Semestre<\/h3>\r\n    <div class=\"semestre-body\">\r\n      <ul class=\"semestre-list\">\r\n        <li>Emprendimiento<\/li>\r\n        <li>Did\u00e1ctica de matem\u00e1ticas e ingles<\/li>\r\n        <li>Did\u00e1ctica de la lectoescritura<\/li>\r\n        <li>Nutrici\u00f3n y alimentaci\u00f3n<\/li>\r\n        <li>Practicas saludables en ambientes de trabajo<\/li>\r\n      <\/ul>\r\n    <\/div>\r\n  <\/div>\r\n<\/div>\r\n\t\t\t\t<\/div>\n\t\t\t\t<\/div>\n\t\t\t\t<\/div>\n\t\t<div id=\"e-n-tab-content-1882082142\" role=\"tabpanel\" aria-labelledby=\"e-n-tab-title-1882082142\" data-tab-index=\"2\" style=\"--n-tabs-title-order: 2;\" class=\" elementor-element elementor-element-0f7188f e-con-full e-flex e-con e-child\" data-id=\"0f7188f\" data-element_type=\"container\" data-e-type=\"container\">\n\t\t\t\t<div class=\"elementor-element elementor-element-8819487 elementor-widget elementor-widget-html\" data-id=\"8819487\" data-element_type=\"widget\" data-e-type=\"widget\" data-widget_type=\"html.default\">\n\t\t\t\t<div class=\"elementor-widget-container\">\n\t\t\t\t\t<div class=\"requisitos-container\">\r\n  <div class=\"requisitos-item\">\r\n    <h3 class=\"requisitos-title\">Requisitos<\/h3>\r\n    <div class=\"requisitos-body\">\r\n      <ul class=\"learning-list\">\r\n        <li>Fotocopia del documento de identidad ampliada al 150%.<\/li>\r\n        <li>Fotocopia del t\u00edtulo de bachiller o del acta de grado.<\/li>\r\n        <li>Formulario de matr\u00edcula diligenciado en todos los campos requeridos.<\/li>\r\n        <li>Si el postulante aplica a trav\u00e9s del programa <em>\u201cComfacor me capacita\u201d<\/em>, deber\u00e1 adjuntar certificado SISE del Servicio P\u00fablico de Empleo.<\/li>\r\n        <li>Radica tu inscripci\u00f3n de manera f\u00edsica con los anteriores documentos, en nuestras oficinas ubicadas en la Cra. 9 N\u00b0 11-40 Barrio Buenavista \/ Entrada por el Colegio Comfacor.<\/li>\r\n      <\/ul>\r\n    <\/div>\r\n  <\/div>\r\n<\/div>\r\n\r\n\t\t\t\t<\/div>\n\t\t\t\t<\/div>\n\t\t\t\t<\/div>\n\t\t<div id=\"e-n-tab-content-1882082143\" role=\"tabpanel\" aria-labelledby=\"e-n-tab-title-1882082143\" data-tab-index=\"3\" style=\"--n-tabs-title-order: 3;\" class=\" elementor-element elementor-element-c2da328 e-con-full e-flex e-con e-child\" data-id=\"c2da328\" data-element_type=\"container\" data-e-type=\"container\">\n\t\t\t\t<div class=\"elementor-element elementor-element-b4e6f7f elementor-widget elementor-widget-html\" data-id=\"b4e6f7f\" data-element_type=\"widget\" data-e-type=\"widget\" data-widget_type=\"html.default\">\n\t\t\t\t<div class=\"elementor-widget-container\">\n\t\t\t\t\t<div class=\"comunidad-ifc-container\">\r\n  <div class=\"comunidad-ifc-item\">\r\n    <h3 class=\"comunidad-ifc-title\">Tendr\u00e1s acceso a servicios de<\/h3>\r\n    <div class=\"comunidad-ifc-body\">\r\n      <ul class=\"comunidad-ifc-list\">\r\n        <li>Orientaci\u00f3n psicol\u00f3gica.<\/li>\r\n        <li>Inducci\u00f3n a la vida estudiantil. Si a\u00fan no te decides qu\u00e9 quieres estudiar, aqu\u00ed te ayudamos a encontrar tu orientaci\u00f3n vocacional \u00a1Sin ning\u00fan costo!<\/li>\r\n        <li>Formaci\u00f3n de grupos deportivos y culturales.<\/li>\r\n        <li>Asesor\u00edas en proyecto de vida.<\/li>\r\n        <li>Charlas y talleres de desarrollo humano.<\/li>\r\n        <li>Jornadas de promoci\u00f3n y prevenci\u00f3n de la salud.<\/li>\r\n        <li>Talleres de inducci\u00f3n a la vida laboral.<\/li>\r\n        <li>Actividades recreativas y culturales.<\/li>\r\n      <\/ul>\r\n    <\/div>\r\n  <\/div>\r\n<\/div>\r\n\t\t\t\t<\/div>\n\t\t\t\t<\/div>\n\t\t\t\t<\/div>\n\t\t\t\t\t<\/div>\n\t\t<\/div>\n\t\t\t\t\t\t<\/div>\n\t\t\t\t<\/div>\n\t\t\t\t\t<\/div>\n\t\t\t\t<\/div>\n\t\t\t\t<\/div>\n\t\t","protected":false},"excerpt":{"rendered":"<p>Volver a IFC Comfacor Perfil del Programa Al finalizar el programa, el egresado estar\u00e1 en capacidad de brindar acompa\u00f1amiento integral en el cuidado, orientaci\u00f3n y desarrollo de ni\u00f1os en sus primeras etapas de formaci\u00f3n. Podr\u00e1 desempe\u00f1arse como asistente o auxiliar de preescolar aplicando protocolos y pol\u00edticas establecidas para la atenci\u00f3n de la primera infancia. Adem\u00e1s, [&hellip;]<\/p>\n","protected":false},"author":4,"featured_media":0,"parent":0,"menu_order":0,"comment_status":"closed","ping_status":"closed","template":"","meta":{"site-sidebar-layout":"no-sidebar","site-content-layout":"page-builder","ast-site-content-layout":"full-width-container","site-content-style":"unboxed","site-sidebar-style":"unboxed","ast-global-header-display":"","ast-banner-title-visibility":"","ast-main-header-display":"","ast-hfb-above-header-display":"","ast-hfb-below-header-display":"","ast-hfb-mobile-header-display":"","site-post-title":"disabled","ast-breadcrumbs-content":"","ast-featured-img":"disabled","footer-sml-layout":"","ast-disable-related-posts":"","theme-transparent-header-meta":"","adv-header-id-meta":"","stick-header-meta":"","header-above-stick-meta":"","header-main-stick-meta":"","header-below-stick-meta":"","astra-migrate-meta-layouts":"set","ast-page-background-enabled":"default","ast-page-background-meta":{"desktop":{"background-color":"var(--ast-global-color-4)","background-image":"","background-repeat":"repeat","background-position":"center center","background-size":"auto","background-attachment":"scroll","background-type":"","background-media":"","overlay-type":"","overlay-color":"","overlay-opacity":"","overlay-gradient":""},"tablet":{"background-color":"","background-image":"","background-repeat":"repeat","background-position":"center center","background-size":"auto","background-attachment":"scroll","background-type":"","background-media":"","overlay-type":"","overlay-color":"","overlay-opacity":"","overlay-gradient":""},"mobile":{"background-color":"","background-image":"","background-repeat":"repeat","background-position":"center center","background-size":"auto","background-attachment":"scroll","background-type":"","background-media":"","overlay-type":"","overlay-color":"","overlay-opacity":"","overlay-gradient":""}},"ast-content-background-meta":{"desktop":{"background-color":"var(--ast-global-color-5)","background-image":"","background-repeat":"repeat","background-position":"center center","background-size":"auto","background-attachment":"scroll","background-type":"","background-media":"","overlay-type":"","overlay-color":"","overlay-opacity":"","overlay-gradient":""},"tablet":{"background-color":"var(--ast-global-color-5)","background-image":"","background-repeat":"repeat","background-position":"center center","background-size":"auto","background-attachment":"scroll","background-type":"","background-media":"","overlay-type":"","overlay-color":"","overlay-opacity":"","overlay-gradient":""},"mobile":{"background-color":"var(--ast-global-color-5)","background-image":"","background-repeat":"repeat","background-position":"center center","background-size":"auto","background-attachment":"scroll","background-type":"","background-media":"","overlay-type":"","overlay-color":"","overlay-opacity":"","overlay-gradient":""}},"footnotes":""},"class_list":["post-2263","page","type-page","status-publish","hentry"],"yoast_head":"<!-- This site is optimized with the Yoast SEO plugin v27.5 - https:\/\/yoast.com\/product\/yoast-seo-wordpress\/ -->\n<title>Auxiliar en Primera Infancia - Comfacor<\/title>\n<meta name=\"robots\" content=\"index, follow, max-snippet:-1, max-image-preview:large, max-video-preview:-1\" \/>\n<link rel=\"canonical\" href=\"https:\/\/comfacor.com.co\/newweb\/ifc-auxiliar-en-primera-infancia\/\" \/>\n<meta property=\"og:locale\" content=\"es_ES\" \/>\n<meta property=\"og:type\" content=\"article\" \/>\n<meta property=\"og:title\" content=\"Auxiliar en Primera Infancia - Comfacor\" \/>\n<meta property=\"og:description\" content=\"Volver a IFC Comfacor Perfil del Programa Al finalizar el programa, el egresado estar\u00e1 en capacidad de brindar acompa\u00f1amiento integral en el cuidado, orientaci\u00f3n y desarrollo de ni\u00f1os en sus primeras etapas de formaci\u00f3n. Podr\u00e1 desempe\u00f1arse como asistente o auxiliar de preescolar aplicando protocolos y pol\u00edticas establecidas para la atenci\u00f3n de la primera infancia. Adem\u00e1s, [&hellip;]\" \/>\n<meta property=\"og:url\" content=\"https:\/\/comfacor.com.co\/newweb\/ifc-auxiliar-en-primera-infancia\/\" \/>\n<meta property=\"og:site_name\" content=\"Comfacor\" \/>\n<meta property=\"article:publisher\" content=\"https:\/\/www.facebook.com\/comfacoroficial\" \/>\n<meta property=\"article:modified_time\" content=\"2026-03-13T19:43:22+00:00\" \/>\n<meta property=\"og:image\" content=\"https:\/\/comfacor.com.co\/newweb\/wp-content\/uploads\/2025\/09\/Auxiliar-en-Primera-Infancia.jpg\" \/>\n<meta name=\"twitter:card\" content=\"summary_large_image\" \/>\n<meta name=\"twitter:site\" content=\"@comfacoroficial\" \/>\n<meta name=\"twitter:label1\" content=\"Tiempo de lectura\" \/>\n\t<meta name=\"twitter:data1\" content=\"3 minutos\" \/>\n<script type=\"application\/ld+json\" class=\"yoast-schema-graph\">{\"@context\":\"https:\\\/\\\/schema.org\",\"@graph\":[{\"@type\":\"WebPage\",\"@id\":\"https:\\\/\\\/comfacor.com.co\\\/newweb\\\/ifc-auxiliar-en-primera-infancia\\\/\",\"url\":\"https:\\\/\\\/comfacor.com.co\\\/newweb\\\/ifc-auxiliar-en-primera-infancia\\\/\",\"name\":\"Auxiliar en Primera Infancia - Comfacor\",\"isPartOf\":{\"@id\":\"https:\\\/\\\/comfacor.com.co\\\/newweb\\\/#website\"},\"primaryImageOfPage\":{\"@id\":\"https:\\\/\\\/comfacor.com.co\\\/newweb\\\/ifc-auxiliar-en-primera-infancia\\\/#primaryimage\"},\"image\":{\"@id\":\"https:\\\/\\\/comfacor.com.co\\\/newweb\\\/ifc-auxiliar-en-primera-infancia\\\/#primaryimage\"},\"thumbnailUrl\":\"https:\\\/\\\/comfacor.com.co\\\/newweb\\\/wp-content\\\/uploads\\\/2025\\\/09\\\/Auxiliar-en-Primera-Infancia.jpg\",\"datePublished\":\"2022-08-18T03:39:11+00:00\",\"dateModified\":\"2026-03-13T19:43:22+00:00\",\"inLanguage\":\"es-CO\",\"potentialAction\":[{\"@type\":\"ReadAction\",\"target\":[\"https:\\\/\\\/comfacor.com.co\\\/newweb\\\/ifc-auxiliar-en-primera-infancia\\\/\"]}]},{\"@type\":\"ImageObject\",\"inLanguage\":\"es-CO\",\"@id\":\"https:\\\/\\\/comfacor.com.co\\\/newweb\\\/ifc-auxiliar-en-primera-infancia\\\/#primaryimage\",\"url\":\"https:\\\/\\\/comfacor.com.co\\\/newweb\\\/wp-content\\\/uploads\\\/2025\\\/09\\\/Auxiliar-en-Primera-Infancia.jpg\",\"contentUrl\":\"https:\\\/\\\/comfacor.com.co\\\/newweb\\\/wp-content\\\/uploads\\\/2025\\\/09\\\/Auxiliar-en-Primera-Infancia.jpg\",\"width\":1920,\"height\":601},{\"@type\":\"WebSite\",\"@id\":\"https:\\\/\\\/comfacor.com.co\\\/newweb\\\/#website\",\"url\":\"https:\\\/\\\/comfacor.com.co\\\/newweb\\\/\",\"name\":\"Comfacor\",\"description\":\"Caja de Compensaci\u00f3n de C\u00f3rdoba\",\"publisher\":{\"@id\":\"https:\\\/\\\/comfacor.com.co\\\/newweb\\\/#organization\"},\"potentialAction\":[{\"@type\":\"SearchAction\",\"target\":{\"@type\":\"EntryPoint\",\"urlTemplate\":\"https:\\\/\\\/comfacor.com.co\\\/newweb\\\/?s={search_term_string}\"},\"query-input\":{\"@type\":\"PropertyValueSpecification\",\"valueRequired\":true,\"valueName\":\"search_term_string\"}}],\"inLanguage\":\"es-CO\"},{\"@type\":\"Organization\",\"@id\":\"https:\\\/\\\/comfacor.com.co\\\/newweb\\\/#organization\",\"name\":\"Comfacor\",\"url\":\"https:\\\/\\\/comfacor.com.co\\\/newweb\\\/\",\"logo\":{\"@type\":\"ImageObject\",\"inLanguage\":\"es-CO\",\"@id\":\"https:\\\/\\\/comfacor.com.co\\\/newweb\\\/#\\\/schema\\\/logo\\\/image\\\/\",\"url\":\"https:\\\/\\\/comfacor.com.co\\\/newweb\\\/wp-content\\\/uploads\\\/2022\\\/07\\\/MANUAL-CORPORATIVO-COMFACOR.png\",\"contentUrl\":\"https:\\\/\\\/comfacor.com.co\\\/newweb\\\/wp-content\\\/uploads\\\/2022\\\/07\\\/MANUAL-CORPORATIVO-COMFACOR.png\",\"width\":160,\"height\":100,\"caption\":\"Comfacor\"},\"image\":{\"@id\":\"https:\\\/\\\/comfacor.com.co\\\/newweb\\\/#\\\/schema\\\/logo\\\/image\\\/\"},\"sameAs\":[\"https:\\\/\\\/www.facebook.com\\\/comfacoroficial\",\"https:\\\/\\\/x.com\\\/comfacoroficial\",\"https:\\\/\\\/www.instagram.com\\\/comfacoroficial\\\/\"]}]}<\/script>\n<!-- \/ Yoast SEO plugin. -->","yoast_head_json":{"title":"Auxiliar en Primera Infancia - Comfacor","robots":{"index":"index","follow":"follow","max-snippet":"max-snippet:-1","max-image-preview":"max-image-preview:large","max-video-preview":"max-video-preview:-1"},"canonical":"https:\/\/comfacor.com.co\/newweb\/ifc-auxiliar-en-primera-infancia\/","og_locale":"es_ES","og_type":"article","og_title":"Auxiliar en Primera Infancia - Comfacor","og_description":"Volver a IFC Comfacor Perfil del Programa Al finalizar el programa, el egresado estar\u00e1 en capacidad de brindar acompa\u00f1amiento integral en el cuidado, orientaci\u00f3n y desarrollo de ni\u00f1os en sus primeras etapas de formaci\u00f3n. Podr\u00e1 desempe\u00f1arse como asistente o auxiliar de preescolar aplicando protocolos y pol\u00edticas establecidas para la atenci\u00f3n de la primera infancia. Adem\u00e1s, [&hellip;]","og_url":"https:\/\/comfacor.com.co\/newweb\/ifc-auxiliar-en-primera-infancia\/","og_site_name":"Comfacor","article_publisher":"https:\/\/www.facebook.com\/comfacoroficial","article_modified_time":"2026-03-13T19:43:22+00:00","og_image":[{"url":"https:\/\/comfacor.com.co\/newweb\/wp-content\/uploads\/2025\/09\/Auxiliar-en-Primera-Infancia.jpg","type":"","width":"","height":""}],"twitter_card":"summary_large_image","twitter_site":"@comfacoroficial","twitter_misc":{"Tiempo de lectura":"3 minutos"},"schema":{"@context":"https:\/\/schema.org","@graph":[{"@type":"WebPage","@id":"https:\/\/comfacor.com.co\/newweb\/ifc-auxiliar-en-primera-infancia\/","url":"https:\/\/comfacor.com.co\/newweb\/ifc-auxiliar-en-primera-infancia\/","name":"Auxiliar en Primera Infancia - Comfacor","isPartOf":{"@id":"https:\/\/comfacor.com.co\/newweb\/#website"},"primaryImageOfPage":{"@id":"https:\/\/comfacor.com.co\/newweb\/ifc-auxiliar-en-primera-infancia\/#primaryimage"},"image":{"@id":"https:\/\/comfacor.com.co\/newweb\/ifc-auxiliar-en-primera-infancia\/#primaryimage"},"thumbnailUrl":"https:\/\/comfacor.com.co\/newweb\/wp-content\/uploads\/2025\/09\/Auxiliar-en-Primera-Infancia.jpg","datePublished":"2022-08-18T03:39:11+00:00","dateModified":"2026-03-13T19:43:22+00:00","inLanguage":"es-CO","potentialAction":[{"@type":"ReadAction","target":["https:\/\/comfacor.com.co\/newweb\/ifc-auxiliar-en-primera-infancia\/"]}]},{"@type":"ImageObject","inLanguage":"es-CO","@id":"https:\/\/comfacor.com.co\/newweb\/ifc-auxiliar-en-primera-infancia\/#primaryimage","url":"https:\/\/comfacor.com.co\/newweb\/wp-content\/uploads\/2025\/09\/Auxiliar-en-Primera-Infancia.jpg","contentUrl":"https:\/\/comfacor.com.co\/newweb\/wp-content\/uploads\/2025\/09\/Auxiliar-en-Primera-Infancia.jpg","width":1920,"height":601},{"@type":"WebSite","@id":"https:\/\/comfacor.com.co\/newweb\/#website","url":"https:\/\/comfacor.com.co\/newweb\/","name":"Comfacor","description":"Caja de Compensaci\u00f3n de C\u00f3rdoba","publisher":{"@id":"https:\/\/comfacor.com.co\/newweb\/#organization"},"potentialAction":[{"@type":"SearchAction","target":{"@type":"EntryPoint","urlTemplate":"https:\/\/comfacor.com.co\/newweb\/?s={search_term_string}"},"query-input":{"@type":"PropertyValueSpecification","valueRequired":true,"valueName":"search_term_string"}}],"inLanguage":"es-CO"},{"@type":"Organization","@id":"https:\/\/comfacor.com.co\/newweb\/#organization","name":"Comfacor","url":"https:\/\/comfacor.com.co\/newweb\/","logo":{"@type":"ImageObject","inLanguage":"es-CO","@id":"https:\/\/comfacor.com.co\/newweb\/#\/schema\/logo\/image\/","url":"https:\/\/comfacor.com.co\/newweb\/wp-content\/uploads\/2022\/07\/MANUAL-CORPORATIVO-COMFACOR.png","contentUrl":"https:\/\/comfacor.com.co\/newweb\/wp-content\/uploads\/2022\/07\/MANUAL-CORPORATIVO-COMFACOR.png","width":160,"height":100,"caption":"Comfacor"},"image":{"@id":"https:\/\/comfacor.com.co\/newweb\/#\/schema\/logo\/image\/"},"sameAs":["https:\/\/www.facebook.com\/comfacoroficial","https:\/\/x.com\/comfacoroficial","https:\/\/www.instagram.com\/comfacoroficial\/"]}]}},"_links":{"self":[{"href":"https:\/\/comfacor.com.co\/newweb\/wp-json\/wp\/v2\/pages\/2263","targetHints":{"allow":["GET"]}}],"collection":[{"href":"https:\/\/comfacor.com.co\/newweb\/wp-json\/wp\/v2\/pages"}],"about":[{"href":"https:\/\/comfacor.com.co\/newweb\/wp-json\/wp\/v2\/types\/page"}],"author":[{"embeddable":true,"href":"https:\/\/comfacor.com.co\/newweb\/wp-json\/wp\/v2\/users\/4"}],"replies":[{"embeddable":true,"href":"https:\/\/comfacor.com.co\/newweb\/wp-json\/wp\/v2\/comments?post=2263"}],"version-history":[{"count":65,"href":"https:\/\/comfacor.com.co\/newweb\/wp-json\/wp\/v2\/pages\/2263\/revisions"}],"predecessor-version":[{"id":47735,"href":"https:\/\/comfacor.com.co\/newweb\/wp-json\/wp\/v2\/pages\/2263\/revisions\/47735"}],"wp:attachment":[{"href":"https:\/\/comfacor.com.co\/newweb\/wp-json\/wp\/v2\/media?parent=2263"}],"curies":[{"name":"wp","href":"https:\/\/api.w.org\/{rel}","templated":true}]}}